{"id":6247,"date":"2026-01-28T18:38:34","date_gmt":"2026-01-28T18:38:34","guid":{"rendered":"https:\/\/dejameleerenpaz.com\/?page_id=6247"},"modified":"2026-01-30T02:06:07","modified_gmt":"2026-01-30T02:06:07","slug":"convocatoria-escritores","status":"publish","type":"page","link":"https:\/\/dejameleerenpaz.com\/index.php\/convocatoria-escritores\/","title":{"rendered":"CONVOCATORIA 2026"},"content":{"rendered":"\n<h2 class=\"wp-block-heading has-text-align-center\"><strong>S\u00e9ptima Edici\u00f3n Feria del Libro<\/strong> <strong>D\u00e9jame Leer en Paz \u2013 FELIBAR 2026<\/strong><\/h2>\n\n\n\n<figure class=\"wp-block-pullquote has-black-color has-luminous-vivid-amber-background-color has-text-color has-background has-link-color has-small-font-size wp-elements-156c8cd5ab8ce67c4de33d20eb1b3c19\" style=\"border-width:5px;border-top-left-radius:100px;border-top-right-radius:100px;border-bottom-left-radius:100px;border-bottom-right-radius:100px\"><blockquote><p><strong>Tema: Leer te hace bien<\/strong><\/p><cite><strong>\ud83d\udcda <em>Homenaje al Padre Francisco de Roux<\/em><\/strong><\/cite><\/blockquote><\/figure>\n\n\n\n<p class=\"has-text-align-center\">La Fundaci\u00f3n FELIBAR invita a escritoras y escritores locales, regionales y nacionales, as\u00ed como a poetas, narradores, cronistas, ensayistas, investigadores y mediadores de lectura, a postularse para participar en la S\u00e9ptima Edici\u00f3n de la Feria del Libro D\u00e9jame Leer en Paz \u2013 FELIBAR 2026, que se realizar\u00e1 del 21 de julio al 2 de agosto de 2026 en Barrancabermeja.<\/p>\n\n\n\n<p class=\"has-text-align-center\">FELIBAR se consolida como un escenario cultural de alto impacto social, orientado a la promoci\u00f3n de la lectura, la escritura y la oralidad (LEO) como herramientas de transformaci\u00f3n social, construcci\u00f3n de paz y desarrollo humano integral en el Magdalena Medio. <\/p>\n\n\n\n<p class=\"has-text-align-center has-large-font-size\"><strong><em><mark style=\"background-color:rgba(0, 0, 0, 0)\" class=\"has-inline-color has-vivid-red-color\">Enfoque tem\u00e1tico FELIBAR 2026<\/mark><\/em><\/strong><\/p>\n\n\n\n<p>Bajo el lema <strong>\u201cLeer te hace bien\u201d<\/strong>, esta edici\u00f3n rinde un homenaje especial al Padre Francisco de Roux, en reconocimiento a su aporte a la verdad, la reconciliaci\u00f3n y la dignidad humana, e integra las siguientes efem\u00e9rides literarias:<\/p>\n\n\n\n<p class=\"has-text-align-center\">100 a\u00f1os del poemario <em>Suenan Timbres<\/em> de Luis Vidales<\/p>\n\n\n\n<p class=\"has-text-align-center\">Centenario del natalicio de \u00c1lvaro Cepeda Samudio<\/p>\n\n\n\n<p class=\"has-text-align-center\">Homenaje a Rogelio Echavarr\u00eda M\u00fanera<\/p>\n\n\n\n<h2 class=\"wp-block-heading has-text-align-center has-large-font-size\"><mark style=\"background-color:rgba(0, 0, 0, 0)\" class=\"has-inline-color has-vivid-red-color\">Ejes tem\u00e1ticos de participaci\u00f3n<\/mark><\/h2>\n\n\n\n<p>Las propuestas deber\u00e1n articularse con uno o varios de los siguientes ejes:<\/p>\n\n\n\n<ol class=\"wp-block-list\">\n<li>Eje # 1:&nbsp;Primera Infancia, Ni\u00f1ez y Adolescencia&nbsp; (Lema: Leemos, escribimos y hablamos para crecer en bienestar)<\/li>\n\n\n\n<li>Eje # 2: Diversidad y Memoria (Lema: Leemos para honrar, escribimos para sanar y hablamos para conectar)&nbsp;&nbsp;&nbsp;<\/li>\n\n\n\n<li>Eje # 3: Mujer y Equidad de G\u00e9nero (Lema: Leemos, escribimos y hablamos para construir equidad y plenitud)<\/li>\n\n\n\n<li>Eje # 4: Medio Ambiente y Nuevas Tecnolog\u00edas (Lema: Leemos, escribimos y hablamos para cuidar nuestro hogar com\u00fan)<\/li>\n\n\n\n<li>Eje # 5: Gastronom\u00eda (Lema: Leemos, escribimos y hablamos para nutrir el cuerpo y el alma)<\/li>\n\n\n\n<li>Eje # 6: Paz y Reconciliaci\u00f3n (Lema: Leemos para empatizar, escribimos para sanar y hablamos para dialogar)<\/li>\n<\/ol>\n\n\n\n<h3 class=\"wp-block-heading has-text-align-center has-large-font-size\"><mark style=\"background-color:rgba(0, 0, 0, 0)\" class=\"has-inline-color has-vivid-red-color\">Modalidades de participaci\u00f3n<\/mark><\/h3>\n\n\n\n<p class=\"has-text-align-center\">Las personas, colectivos, editoriales y organizaciones interesadas en participar en la S\u00e9ptima Feria del Libro D\u00e9jame Leer en Paz \u2013 FELIBAR 2026 podr\u00e1n postular propuestas en una o varias de las siguientes modalidades de participaci\u00f3n, de acuerdo con la clasificaci\u00f3n oficial de actividades de la Feria:<\/p>\n\n\n\n<div class=\"wp-block-group is-layout-grid wp-container-core-group-is-layout-9649a0d9 wp-block-group-is-layout-grid\">\n<p class=\"has-text-align-center has-black-color has-pale-cyan-blue-background-color has-text-color has-background has-link-color has-small-font-size wp-elements-c91150bcb4455ab533cb2ae107d0f6bb\" style=\"font-style:italic;font-weight:500\">Talleres de formaci\u00f3n<\/p>\n\n\n\n<p class=\"has-text-align-center has-black-color has-pale-cyan-blue-background-color has-text-color has-background has-link-color has-small-font-size wp-elements-6857e951c3bcd12315b47741b34a03d3\" style=\"font-style:italic;font-weight:500\">Conferencias<\/p>\n\n\n\n<p class=\"has-text-align-center has-black-color has-pale-cyan-blue-background-color has-text-color has-background has-link-color has-small-font-size wp-elements-35800a2d1bcfb9db95940fc6d1453cb1\" style=\"font-style:italic;font-weight:500\">Conciertos literarios<\/p>\n\n\n\n<p class=\"has-text-align-center has-black-color has-pale-cyan-blue-background-color has-text-color has-background has-link-color has-small-font-size wp-elements-9de13ab3ef8aa0747f220b2a2d428dc6\" style=\"font-style:italic;font-weight:500\">Encuentros con el escritor<\/p>\n\n\n\n<p class=\"has-text-align-center has-black-color has-pale-cyan-blue-background-color has-text-color has-background has-link-color has-small-font-size wp-elements-f1142fd16b1ad14ddfbe652fa2d924da\" style=\"font-style:italic;font-weight:500\">Conversatorios<\/p>\n\n\n\n<p class=\"has-text-align-center has-black-color has-pale-cyan-blue-background-color has-text-color has-background has-link-color has-small-font-size wp-elements-d85bf9b1f4bc3c4940dc3912e5df3f16\" style=\"font-style:italic;font-weight:500\">Actividades de promoci\u00f3n lectora Itinerante<\/p>\n\n\n\n<p class=\"has-text-align-center has-black-color has-pale-cyan-blue-background-color has-text-color has-background has-link-color has-small-font-size wp-elements-f8e5f3564950023312cdd9752b3b4a41\" style=\"font-style:italic;font-weight:500\">Lanzamiento de un Libro<\/p>\n\n\n\n<p class=\"has-text-align-center has-black-color has-pale-cyan-blue-background-color has-text-color has-background has-link-color has-small-font-size wp-elements-27757279442bc34ccfe7070c2cb263cd\" style=\"font-style:italic;font-weight:500\">Obra de Teatro (Mon\u00f3logos, Duetos, o, Tr\u00edos)<\/p>\n\n\n\n<p class=\"has-text-align-center has-black-color has-pale-cyan-blue-background-color has-text-color has-background has-link-color has-small-font-size wp-elements-cd125cdbd2b29843730476782ef4b9a8\" style=\"font-style:italic;font-weight:500\">Obra de T\u00edteres<\/p>\n\n\n\n<p class=\"has-text-align-center has-black-color has-pale-cyan-blue-background-color has-text-color has-background has-link-color has-small-font-size wp-elements-ba9b96a267d5650f7f06ee8abbe6bf8e\" style=\"font-style:italic;font-weight:500\">Narraci\u00f3n Oral<\/p>\n\n\n\n<p class=\"has-text-align-center has-black-color has-pale-cyan-blue-background-color has-text-color has-background has-link-color has-small-font-size wp-elements-ccfd89f1b65530f03752158fba5ed851\" style=\"font-style:italic;font-weight:500\">Ponencias Investigadores 2026<\/p>\n\n\n\n<p class=\"has-text-align-center has-black-color has-pale-cyan-blue-background-color has-text-color has-background has-link-color has-small-font-size wp-elements-ef79358b981d8c36751031ce93c30e19\" style=\"font-style:italic;font-weight:500\">Paladar de letras (Gastronom\u00eda)<\/p>\n\n\n\n<p class=\"has-text-align-center has-black-color has-pale-cyan-blue-background-color has-text-color has-background has-link-color has-small-font-size wp-elements-1a32f586138878a9b9a7af2262687fce\" style=\"font-style:italic;font-weight:500\">Presentaciones culturales (danza, m\u00fasica &#8211; solista, dueto o tr\u00edo, exposiciones itinerantes y fotograf\u00eda)<\/p>\n\n\n\n<p class=\"has-text-align-center has-black-color has-pale-cyan-blue-background-color has-text-color has-background has-link-color has-small-font-size wp-elements-4b1c1892f6ce1b71ee69afb1ac4e805b\" style=\"font-style:italic;font-weight:500\">C\u00f3mics, Novela Gr\u00e1fica o Ilustraci\u00f3n<\/p>\n<\/div>\n\n\n\n<p class=\"has-text-align-center has-black-color has-text-color has-link-color has-large-font-size wp-elements-6dc1a87d898286b07b3df7b61d4bb362\"><strong><mark style=\"background-color:rgba(0, 0, 0, 0)\" class=\"has-inline-color has-vivid-red-color\">Cronograma general<\/mark><\/strong><\/p>\n\n\n\n<p class=\"has-text-align-center has-luminous-vivid-amber-background-color has-background\"><strong>S\u00e9ptima edici\u00f3n:<\/strong> 21 de julio al 2 de agosto de 2026<\/p>\n\n\n\n<p class=\"has-text-align-center has-luminous-vivid-amber-background-color has-background\"><strong>Apertura de convocatoria:<\/strong> 28 enero de 2026<\/p>\n\n\n\n<p class=\"has-text-align-center has-luminous-vivid-amber-background-color has-background\"><strong>Cierre de convocatoria:<\/strong> 12 febrero de 2026<\/p>\n\n\n\n<p class=\"has-text-align-center has-luminous-vivid-amber-background-color has-background\"><strong>Publicaci\u00f3n de seleccionados:<\/strong> Pr\u00f3ximamente<\/p>\n\n\n\n<figure class=\"wp-block-image size-full\"><img fetchpriority=\"high\" decoding=\"async\" width=\"11251\" height=\"6459\" src=\"https:\/\/dejameleerenpaz.com\/wp-content\/uploads\/2023\/05\/felibarMesa-de-trabajo-1.png\" alt=\"\" class=\"wp-image-2695\" srcset=\"https:\/\/dejameleerenpaz.com\/wp-content\/uploads\/2023\/05\/felibarMesa-de-trabajo-1.png 11251w, https:\/\/dejameleerenpaz.com\/wp-content\/uploads\/2023\/05\/felibarMesa-de-trabajo-1-600x344.png 600w\" sizes=\"(max-width: 11251px) 100vw, 11251px\" \/><\/figure>\n\n\n\n<div class=\"wp-block-group has-pale-pink-background-color has-background is-vertical is-layout-flex wp-container-core-group-is-layout-8cf370e7 wp-block-group-is-layout-flex\">\n<p class=\"has-text-align-center\"><strong>Le invitamos a diligenciar el Anexo 2 con el apoyo del Anexo 1 y luego proceder a completar el formulario<\/strong><\/p>\n\n\n\n<ol class=\"wp-block-list\">\n<li>Ingrese al Formulario <a href=\"https:\/\/forms.gle\/Rm3KhkLRaPBvaoYC6\">(Aqu\u00ed)<\/a> <\/li>\n\n\n\n<li>Anexo # 1: Descripci\u00f3n de Actividades FELIBAR <a href=\"https:\/\/drive.google.com\/file\/d\/1Hi1B4LZqGB8p92PG8xGEVs_AMXeVfA7K\/view?usp=sharing\">(Aqu\u00ed)<\/a><\/li>\n\n\n\n<li>Anexo # 2: Tabla de especificaciones de las actividades a desarrollar en la feria <a href=\"https:\/\/docs.google.com\/document\/d\/1SSGGz16Z2sFZYevNiu19qoJAtY4KLduS\/edit?usp=sharing&amp;ouid=108369538620575617814&amp;rtpof=true&amp;sd=true\">(Aqu\u00ed)<\/a><\/li>\n<\/ol>\n<\/div>\n\n\n\n<p class=\"has-text-align-center has-cyan-bluish-gray-background-color has-background has-medium-font-size\"><strong>Los formularios NO se diligencian en l\u00ednea.<\/strong><\/p>\n\n\n\n<p class=\"has-text-align-center has-cyan-bluish-gray-background-color has-background has-medium-font-size\"><strong>Deben descargarse, diligenciarse y cargarse posteriormente en el formulario correspondiente.<\/strong><\/p>\n\n\n\n<p class=\"has-text-align-center has-cyan-bluish-gray-background-color has-background has-medium-font-size\"><strong>Postulaciones que no cumplan este procedimiento no ser\u00e1n tenidas en cuenta<\/strong><\/p>\n\n\n\n<div class=\"wp-block-group is-vertical is-layout-flex wp-container-core-group-is-layout-8cf370e7 wp-block-group-is-layout-flex\">\n<figure class=\"wp-block-image size-large\"><img decoding=\"async\" width=\"1024\" height=\"256\" src=\"https:\/\/dejameleerenpaz.com\/wp-content\/uploads\/2024\/09\/CABEZOTES-2-1024x256.png\" alt=\"\" class=\"wp-image-4614\" srcset=\"https:\/\/dejameleerenpaz.com\/wp-content\/uploads\/2024\/09\/CABEZOTES-2-1024x256.png 1024w, https:\/\/dejameleerenpaz.com\/wp-content\/uploads\/2024\/09\/CABEZOTES-2-300x75.png 300w, https:\/\/dejameleerenpaz.com\/wp-content\/uploads\/2024\/09\/CABEZOTES-2-768x192.png 768w, https:\/\/dejameleerenpaz.com\/wp-content\/uploads\/2024\/09\/CABEZOTES-2-1536x384.png 1536w, https:\/\/dejameleerenpaz.com\/wp-content\/uploads\/2024\/09\/CABEZOTES-2.png 1920w\" sizes=\"(max-width: 1024px) 100vw, 1024px\" \/><\/figure>\n<\/div>\n\n\n\n<blockquote class=\"wp-block-quote is-layout-flow wp-block-quote-is-layout-flow\">\n<p>Los siguientes documentos ser\u00e1n solicitados \u00fanicamente a quienes resulten seleccionados para participar en la s\u00e9ptima edici\u00f3n de la Feria del Libro D\u00e9jame Leer en Paz \u2013 FELIBAR (2026).&nbsp;En esta etapa de postulaci\u00f3n NO se debe adjuntar ning\u00fan documento:<\/p>\n\n\n\n<ol start=\"1\" class=\"wp-block-list\">\n<li>RUT &#8211; DIAN (PDF)<\/li>\n\n\n\n<li>Fotocopia de la c\u00e9dula&nbsp;(PDF)<\/li>\n\n\n\n<li>Hoja de vida (especificar en el perfil los t\u00edtulos y trabajos realizados)&nbsp;(PDF)<\/li>\n\n\n\n<li>Certificado de antecedentes PROCURADURIA General de la Naci\u00f3n (PDF)<\/li>\n\n\n\n<li>Certificado de antecedentes fiscales CONTRALORIA (PDF)<\/li>\n\n\n\n<li>Certificado de antecedentes disciplinarios PERSONERIA (PDF)<\/li>\n\n\n\n<li>Antecedentes judiciales POLIC\u00cdA NACIONAL (PDF)<\/li>\n\n\n\n<li>Certificado Delitos sexuales cometidos contra menores de 18 a\u00f1os (PDF)<\/li>\n\n\n\n<li>Certificado Sistema Registro Nacional de Medidas Correctivas RNMC&nbsp;(PDF)<\/li>\n\n\n\n<li>Certificado REDAM Registro de Deudores Alimentarios Morosos&nbsp;(PDF)<\/li>\n\n\n\n<li>Dos fotograf\u00edas en alta resoluci\u00f3n en formato PNG y una vertical para efectos publicitarios.<\/li>\n\n\n\n<li>Un v\u00eddeo de 1 minuto invitando a la comunidad del Magdalena Medio a participar en la VII edici\u00f3n de la Feria del Libro D\u00e9jame Leer en Paz, recuerde la tem\u00e1tica:&nbsp;<strong><u>Leer te hace bien<\/u><\/strong>.<\/li>\n<\/ol>\n\n\n\n<p>Si su participaci\u00f3n en la s\u00e9ptima edici\u00f3n es a trav\u00e9s de una entidad con personer\u00eda jur\u00eddica, los documentos que debe entregar son:<\/p>\n\n\n\n<ol start=\"1\" class=\"wp-block-list\">\n<li>RUT DEL REPRESENTANTE LEGAL (PDF)<\/li>\n\n\n\n<li>C\u00c1MARA DE COMERCIO DE LA FUNDACI\u00d3N (PDF)<\/li>\n\n\n\n<li>C\u00c9DULA DEL REPRESENTANTE LEGAL<\/li>\n\n\n\n<li>CERTIFICADOS DE ANTECEDENTES DEL REPRESENTANTE LEGAL<\/li>\n\n\n\n<li>CERTIFICACI\u00d3N BANCARIA<\/li>\n\n\n\n<li>FACTURA ELECTR\u00d3NICA<\/li>\n<\/ol>\n<\/blockquote>\n","protected":false},"excerpt":{"rendered":"<div class=\"mh-excerpt\"><p>S\u00e9ptima Edici\u00f3n Feria del Libro D\u00e9jame Leer en Paz \u2013 <a class=\"mh-excerpt-more\" href=\"https:\/\/dejameleerenpaz.com\/index.php\/convocatoria-escritores\/\" title=\"CONVOCATORIA 2026\">[&#8230;]<\/a><\/p>\n<\/div>","protected":false},"author":1,"featured_media":0,"parent":0,"menu_order":0,"comment_status":"closed","ping_status":"closed","template":"","meta":{"footnotes":""},"class_list":["post-6247","page","type-page","status-publish","hentry"],"_links":{"self":[{"href":"https:\/\/dejameleerenpaz.com\/index.php\/wp-json\/wp\/v2\/pages\/6247","targetHints":{"allow":["GET"]}}],"collection":[{"href":"https:\/\/dejameleerenpaz.com\/index.php\/wp-json\/wp\/v2\/pages"}],"about":[{"href":"https:\/\/dejameleerenpaz.com\/index.php\/wp-json\/wp\/v2\/types\/page"}],"author":[{"embeddable":true,"href":"https:\/\/dejameleerenpaz.com\/index.php\/wp-json\/wp\/v2\/users\/1"}],"replies":[{"embeddable":true,"href":"https:\/\/dejameleerenpaz.com\/index.php\/wp-json\/wp\/v2\/comments?post=6247"}],"version-history":[{"count":40,"href":"https:\/\/dejameleerenpaz.com\/index.php\/wp-json\/wp\/v2\/pages\/6247\/revisions"}],"predecessor-version":[{"id":6326,"href":"https:\/\/dejameleerenpaz.com\/index.php\/wp-json\/wp\/v2\/pages\/6247\/revisions\/6326"}],"wp:attachment":[{"href":"https:\/\/dejameleerenpaz.com\/index.php\/wp-json\/wp\/v2\/media?parent=6247"}],"curies":[{"name":"wp","href":"https:\/\/api.w.org\/{rel}","templated":true}]}}