{"id":6201,"date":"2025-12-15T00:27:50","date_gmt":"2025-12-15T00:27:50","guid":{"rendered":"https:\/\/dejameleerenpaz.com\/?page_id=6201"},"modified":"2025-12-15T00:33:30","modified_gmt":"2025-12-15T00:33:30","slug":"politica-de-proteccion-y-prevencion","status":"publish","type":"page","link":"https:\/\/dejameleerenpaz.com\/index.php\/politica-de-proteccion-y-prevencion\/","title":{"rendered":"POL\u00cdTICA DE PROTECCI\u00d3N Y PREVENCI\u00d3N"},"content":{"rendered":"<div class=\"wp-block-image\">\n<figure class=\"aligncenter size-large\"><img fetchpriority=\"high\" decoding=\"async\" width=\"791\" height=\"1024\" src=\"https:\/\/dejameleerenpaz.com\/wp-content\/uploads\/2025\/12\/POLITICA-INSTITUCIONAL-DE-PREVENCION-DE-LA-EXPLOTACION-EL-ABUSO-SEXUAL-Y-LA-PTRATA-DE-PERSONAS-FELIBAR_page-0001-791x1024.jpg\" alt=\"\" class=\"wp-image-6205\" srcset=\"https:\/\/dejameleerenpaz.com\/wp-content\/uploads\/2025\/12\/POLITICA-INSTITUCIONAL-DE-PREVENCION-DE-LA-EXPLOTACION-EL-ABUSO-SEXUAL-Y-LA-PTRATA-DE-PERSONAS-FELIBAR_page-0001-791x1024.jpg 791w, https:\/\/dejameleerenpaz.com\/wp-content\/uploads\/2025\/12\/POLITICA-INSTITUCIONAL-DE-PREVENCION-DE-LA-EXPLOTACION-EL-ABUSO-SEXUAL-Y-LA-PTRATA-DE-PERSONAS-FELIBAR_page-0001-232x300.jpg 232w, https:\/\/dejameleerenpaz.com\/wp-content\/uploads\/2025\/12\/POLITICA-INSTITUCIONAL-DE-PREVENCION-DE-LA-EXPLOTACION-EL-ABUSO-SEXUAL-Y-LA-PTRATA-DE-PERSONAS-FELIBAR_page-0001-768x994.jpg 768w, https:\/\/dejameleerenpaz.com\/wp-content\/uploads\/2025\/12\/POLITICA-INSTITUCIONAL-DE-PREVENCION-DE-LA-EXPLOTACION-EL-ABUSO-SEXUAL-Y-LA-PTRATA-DE-PERSONAS-FELIBAR_page-0001-1187x1536.jpg 1187w, https:\/\/dejameleerenpaz.com\/wp-content\/uploads\/2025\/12\/POLITICA-INSTITUCIONAL-DE-PREVENCION-DE-LA-EXPLOTACION-EL-ABUSO-SEXUAL-Y-LA-PTRATA-DE-PERSONAS-FELIBAR_page-0001-1583x2048.jpg 1583w, https:\/\/dejameleerenpaz.com\/wp-content\/uploads\/2025\/12\/POLITICA-INSTITUCIONAL-DE-PREVENCION-DE-LA-EXPLOTACION-EL-ABUSO-SEXUAL-Y-LA-PTRATA-DE-PERSONAS-FELIBAR_page-0001-scaled.jpg 1978w\" sizes=\"(max-width: 791px) 100vw, 791px\" \/><\/figure>\n<\/div>\n\n<div class=\"wp-block-image\">\n<figure class=\"aligncenter size-large\"><img decoding=\"async\" width=\"791\" height=\"1024\" src=\"https:\/\/dejameleerenpaz.com\/wp-content\/uploads\/2025\/12\/POLITICA-INSTITUCIONAL-DE-PREVENCION-DE-LA-EXPLOTACION-EL-ABUSO-SEXUAL-Y-LA-PTRATA-DE-PERSONAS-FELIBAR_page-0002-791x1024.jpg\" alt=\"\" class=\"wp-image-6206\" srcset=\"https:\/\/dejameleerenpaz.com\/wp-content\/uploads\/2025\/12\/POLITICA-INSTITUCIONAL-DE-PREVENCION-DE-LA-EXPLOTACION-EL-ABUSO-SEXUAL-Y-LA-PTRATA-DE-PERSONAS-FELIBAR_page-0002-791x1024.jpg 791w, https:\/\/dejameleerenpaz.com\/wp-content\/uploads\/2025\/12\/POLITICA-INSTITUCIONAL-DE-PREVENCION-DE-LA-EXPLOTACION-EL-ABUSO-SEXUAL-Y-LA-PTRATA-DE-PERSONAS-FELIBAR_page-0002-232x300.jpg 232w, https:\/\/dejameleerenpaz.com\/wp-content\/uploads\/2025\/12\/POLITICA-INSTITUCIONAL-DE-PREVENCION-DE-LA-EXPLOTACION-EL-ABUSO-SEXUAL-Y-LA-PTRATA-DE-PERSONAS-FELIBAR_page-0002-768x994.jpg 768w, https:\/\/dejameleerenpaz.com\/wp-content\/uploads\/2025\/12\/POLITICA-INSTITUCIONAL-DE-PREVENCION-DE-LA-EXPLOTACION-EL-ABUSO-SEXUAL-Y-LA-PTRATA-DE-PERSONAS-FELIBAR_page-0002-1187x1536.jpg 1187w, https:\/\/dejameleerenpaz.com\/wp-content\/uploads\/2025\/12\/POLITICA-INSTITUCIONAL-DE-PREVENCION-DE-LA-EXPLOTACION-EL-ABUSO-SEXUAL-Y-LA-PTRATA-DE-PERSONAS-FELIBAR_page-0002-1583x2048.jpg 1583w, https:\/\/dejameleerenpaz.com\/wp-content\/uploads\/2025\/12\/POLITICA-INSTITUCIONAL-DE-PREVENCION-DE-LA-EXPLOTACION-EL-ABUSO-SEXUAL-Y-LA-PTRATA-DE-PERSONAS-FELIBAR_page-0002-scaled.jpg 1978w\" sizes=\"(max-width: 791px) 100vw, 791px\" \/><\/figure>\n<\/div>\n\n<div class=\"wp-block-image\">\n<figure class=\"aligncenter size-large\"><img decoding=\"async\" width=\"791\" height=\"1024\" src=\"https:\/\/dejameleerenpaz.com\/wp-content\/uploads\/2025\/12\/POLITICA-INSTITUCIONAL-DE-PREVENCION-DE-LA-EXPLOTACION-EL-ABUSO-SEXUAL-Y-LA-PTRATA-DE-PERSONAS-FELIBAR_page-0003-791x1024.jpg\" alt=\"\" class=\"wp-image-6208\" srcset=\"https:\/\/dejameleerenpaz.com\/wp-content\/uploads\/2025\/12\/POLITICA-INSTITUCIONAL-DE-PREVENCION-DE-LA-EXPLOTACION-EL-ABUSO-SEXUAL-Y-LA-PTRATA-DE-PERSONAS-FELIBAR_page-0003-791x1024.jpg 791w, https:\/\/dejameleerenpaz.com\/wp-content\/uploads\/2025\/12\/POLITICA-INSTITUCIONAL-DE-PREVENCION-DE-LA-EXPLOTACION-EL-ABUSO-SEXUAL-Y-LA-PTRATA-DE-PERSONAS-FELIBAR_page-0003-232x300.jpg 232w, https:\/\/dejameleerenpaz.com\/wp-content\/uploads\/2025\/12\/POLITICA-INSTITUCIONAL-DE-PREVENCION-DE-LA-EXPLOTACION-EL-ABUSO-SEXUAL-Y-LA-PTRATA-DE-PERSONAS-FELIBAR_page-0003-768x994.jpg 768w, https:\/\/dejameleerenpaz.com\/wp-content\/uploads\/2025\/12\/POLITICA-INSTITUCIONAL-DE-PREVENCION-DE-LA-EXPLOTACION-EL-ABUSO-SEXUAL-Y-LA-PTRATA-DE-PERSONAS-FELIBAR_page-0003-1187x1536.jpg 1187w, https:\/\/dejameleerenpaz.com\/wp-content\/uploads\/2025\/12\/POLITICA-INSTITUCIONAL-DE-PREVENCION-DE-LA-EXPLOTACION-EL-ABUSO-SEXUAL-Y-LA-PTRATA-DE-PERSONAS-FELIBAR_page-0003-1583x2048.jpg 1583w, https:\/\/dejameleerenpaz.com\/wp-content\/uploads\/2025\/12\/POLITICA-INSTITUCIONAL-DE-PREVENCION-DE-LA-EXPLOTACION-EL-ABUSO-SEXUAL-Y-LA-PTRATA-DE-PERSONAS-FELIBAR_page-0003-scaled.jpg 1978w\" sizes=\"(max-width: 791px) 100vw, 791px\" \/><\/figure>\n<\/div>\n\n<div class=\"wp-block-image\">\n<figure class=\"aligncenter size-large\"><img loading=\"lazy\" decoding=\"async\" width=\"791\" height=\"1024\" src=\"https:\/\/dejameleerenpaz.com\/wp-content\/uploads\/2025\/12\/POLITICA-INSTITUCIONAL-DE-PREVENCION-DE-LA-EXPLOTACION-EL-ABUSO-SEXUAL-Y-LA-PTRATA-DE-PERSONAS-FELIBAR_page-0004-791x1024.jpg\" alt=\"\" class=\"wp-image-6209\" srcset=\"https:\/\/dejameleerenpaz.com\/wp-content\/uploads\/2025\/12\/POLITICA-INSTITUCIONAL-DE-PREVENCION-DE-LA-EXPLOTACION-EL-ABUSO-SEXUAL-Y-LA-PTRATA-DE-PERSONAS-FELIBAR_page-0004-791x1024.jpg 791w, https:\/\/dejameleerenpaz.com\/wp-content\/uploads\/2025\/12\/POLITICA-INSTITUCIONAL-DE-PREVENCION-DE-LA-EXPLOTACION-EL-ABUSO-SEXUAL-Y-LA-PTRATA-DE-PERSONAS-FELIBAR_page-0004-232x300.jpg 232w, https:\/\/dejameleerenpaz.com\/wp-content\/uploads\/2025\/12\/POLITICA-INSTITUCIONAL-DE-PREVENCION-DE-LA-EXPLOTACION-EL-ABUSO-SEXUAL-Y-LA-PTRATA-DE-PERSONAS-FELIBAR_page-0004-768x994.jpg 768w, https:\/\/dejameleerenpaz.com\/wp-content\/uploads\/2025\/12\/POLITICA-INSTITUCIONAL-DE-PREVENCION-DE-LA-EXPLOTACION-EL-ABUSO-SEXUAL-Y-LA-PTRATA-DE-PERSONAS-FELIBAR_page-0004-1187x1536.jpg 1187w, https:\/\/dejameleerenpaz.com\/wp-content\/uploads\/2025\/12\/POLITICA-INSTITUCIONAL-DE-PREVENCION-DE-LA-EXPLOTACION-EL-ABUSO-SEXUAL-Y-LA-PTRATA-DE-PERSONAS-FELIBAR_page-0004-1583x2048.jpg 1583w, https:\/\/dejameleerenpaz.com\/wp-content\/uploads\/2025\/12\/POLITICA-INSTITUCIONAL-DE-PREVENCION-DE-LA-EXPLOTACION-EL-ABUSO-SEXUAL-Y-LA-PTRATA-DE-PERSONAS-FELIBAR_page-0004-scaled.jpg 1978w\" sizes=\"(max-width: 791px) 100vw, 791px\" \/><\/figure>\n<\/div>\n\n<div class=\"wp-block-image\">\n<figure class=\"aligncenter size-large\"><img loading=\"lazy\" decoding=\"async\" width=\"791\" height=\"1024\" src=\"https:\/\/dejameleerenpaz.com\/wp-content\/uploads\/2025\/12\/POLITICA-INSTITUCIONAL-DE-PREVENCION-DE-LA-EXPLOTACION-EL-ABUSO-SEXUAL-Y-LA-PTRATA-DE-PERSONAS-FELIBAR_page-0005-791x1024.jpg\" alt=\"\" class=\"wp-image-6210\" srcset=\"https:\/\/dejameleerenpaz.com\/wp-content\/uploads\/2025\/12\/POLITICA-INSTITUCIONAL-DE-PREVENCION-DE-LA-EXPLOTACION-EL-ABUSO-SEXUAL-Y-LA-PTRATA-DE-PERSONAS-FELIBAR_page-0005-791x1024.jpg 791w, https:\/\/dejameleerenpaz.com\/wp-content\/uploads\/2025\/12\/POLITICA-INSTITUCIONAL-DE-PREVENCION-DE-LA-EXPLOTACION-EL-ABUSO-SEXUAL-Y-LA-PTRATA-DE-PERSONAS-FELIBAR_page-0005-232x300.jpg 232w, https:\/\/dejameleerenpaz.com\/wp-content\/uploads\/2025\/12\/POLITICA-INSTITUCIONAL-DE-PREVENCION-DE-LA-EXPLOTACION-EL-ABUSO-SEXUAL-Y-LA-PTRATA-DE-PERSONAS-FELIBAR_page-0005-768x994.jpg 768w, https:\/\/dejameleerenpaz.com\/wp-content\/uploads\/2025\/12\/POLITICA-INSTITUCIONAL-DE-PREVENCION-DE-LA-EXPLOTACION-EL-ABUSO-SEXUAL-Y-LA-PTRATA-DE-PERSONAS-FELIBAR_page-0005-1187x1536.jpg 1187w, https:\/\/dejameleerenpaz.com\/wp-content\/uploads\/2025\/12\/POLITICA-INSTITUCIONAL-DE-PREVENCION-DE-LA-EXPLOTACION-EL-ABUSO-SEXUAL-Y-LA-PTRATA-DE-PERSONAS-FELIBAR_page-0005-1583x2048.jpg 1583w, https:\/\/dejameleerenpaz.com\/wp-content\/uploads\/2025\/12\/POLITICA-INSTITUCIONAL-DE-PREVENCION-DE-LA-EXPLOTACION-EL-ABUSO-SEXUAL-Y-LA-PTRATA-DE-PERSONAS-FELIBAR_page-0005-scaled.jpg 1978w\" sizes=\"(max-width: 791px) 100vw, 791px\" \/><\/figure>\n<\/div>\n\n<div class=\"wp-block-image\">\n<figure class=\"aligncenter size-large\"><img loading=\"lazy\" decoding=\"async\" width=\"791\" height=\"1024\" src=\"https:\/\/dejameleerenpaz.com\/wp-content\/uploads\/2025\/12\/POLITICA-INSTITUCIONAL-DE-PREVENCION-DE-LA-EXPLOTACION-EL-ABUSO-SEXUAL-Y-LA-PTRATA-DE-PERSONAS-FELIBAR_page-0006-791x1024.jpg\" alt=\"\" class=\"wp-image-6211\" srcset=\"https:\/\/dejameleerenpaz.com\/wp-content\/uploads\/2025\/12\/POLITICA-INSTITUCIONAL-DE-PREVENCION-DE-LA-EXPLOTACION-EL-ABUSO-SEXUAL-Y-LA-PTRATA-DE-PERSONAS-FELIBAR_page-0006-791x1024.jpg 791w, https:\/\/dejameleerenpaz.com\/wp-content\/uploads\/2025\/12\/POLITICA-INSTITUCIONAL-DE-PREVENCION-DE-LA-EXPLOTACION-EL-ABUSO-SEXUAL-Y-LA-PTRATA-DE-PERSONAS-FELIBAR_page-0006-232x300.jpg 232w, https:\/\/dejameleerenpaz.com\/wp-content\/uploads\/2025\/12\/POLITICA-INSTITUCIONAL-DE-PREVENCION-DE-LA-EXPLOTACION-EL-ABUSO-SEXUAL-Y-LA-PTRATA-DE-PERSONAS-FELIBAR_page-0006-768x994.jpg 768w, https:\/\/dejameleerenpaz.com\/wp-content\/uploads\/2025\/12\/POLITICA-INSTITUCIONAL-DE-PREVENCION-DE-LA-EXPLOTACION-EL-ABUSO-SEXUAL-Y-LA-PTRATA-DE-PERSONAS-FELIBAR_page-0006-1187x1536.jpg 1187w, https:\/\/dejameleerenpaz.com\/wp-content\/uploads\/2025\/12\/POLITICA-INSTITUCIONAL-DE-PREVENCION-DE-LA-EXPLOTACION-EL-ABUSO-SEXUAL-Y-LA-PTRATA-DE-PERSONAS-FELIBAR_page-0006-1583x2048.jpg 1583w, https:\/\/dejameleerenpaz.com\/wp-content\/uploads\/2025\/12\/POLITICA-INSTITUCIONAL-DE-PREVENCION-DE-LA-EXPLOTACION-EL-ABUSO-SEXUAL-Y-LA-PTRATA-DE-PERSONAS-FELIBAR_page-0006-scaled.jpg 1978w\" sizes=\"(max-width: 791px) 100vw, 791px\" \/><\/figure>\n<\/div>\n\n<div class=\"wp-block-image\">\n<figure class=\"aligncenter size-large\"><img loading=\"lazy\" decoding=\"async\" width=\"791\" height=\"1024\" src=\"https:\/\/dejameleerenpaz.com\/wp-content\/uploads\/2025\/12\/POLITICA-INSTITUCIONAL-DE-PREVENCION-DE-LA-EXPLOTACION-EL-ABUSO-SEXUAL-Y-LA-PTRATA-DE-PERSONAS-FELIBAR_page-0007-791x1024.jpg\" alt=\"\" class=\"wp-image-6212\" srcset=\"https:\/\/dejameleerenpaz.com\/wp-content\/uploads\/2025\/12\/POLITICA-INSTITUCIONAL-DE-PREVENCION-DE-LA-EXPLOTACION-EL-ABUSO-SEXUAL-Y-LA-PTRATA-DE-PERSONAS-FELIBAR_page-0007-791x1024.jpg 791w, https:\/\/dejameleerenpaz.com\/wp-content\/uploads\/2025\/12\/POLITICA-INSTITUCIONAL-DE-PREVENCION-DE-LA-EXPLOTACION-EL-ABUSO-SEXUAL-Y-LA-PTRATA-DE-PERSONAS-FELIBAR_page-0007-232x300.jpg 232w, https:\/\/dejameleerenpaz.com\/wp-content\/uploads\/2025\/12\/POLITICA-INSTITUCIONAL-DE-PREVENCION-DE-LA-EXPLOTACION-EL-ABUSO-SEXUAL-Y-LA-PTRATA-DE-PERSONAS-FELIBAR_page-0007-768x994.jpg 768w, https:\/\/dejameleerenpaz.com\/wp-content\/uploads\/2025\/12\/POLITICA-INSTITUCIONAL-DE-PREVENCION-DE-LA-EXPLOTACION-EL-ABUSO-SEXUAL-Y-LA-PTRATA-DE-PERSONAS-FELIBAR_page-0007-1187x1536.jpg 1187w, https:\/\/dejameleerenpaz.com\/wp-content\/uploads\/2025\/12\/POLITICA-INSTITUCIONAL-DE-PREVENCION-DE-LA-EXPLOTACION-EL-ABUSO-SEXUAL-Y-LA-PTRATA-DE-PERSONAS-FELIBAR_page-0007-1583x2048.jpg 1583w, https:\/\/dejameleerenpaz.com\/wp-content\/uploads\/2025\/12\/POLITICA-INSTITUCIONAL-DE-PREVENCION-DE-LA-EXPLOTACION-EL-ABUSO-SEXUAL-Y-LA-PTRATA-DE-PERSONAS-FELIBAR_page-0007-scaled.jpg 1978w\" sizes=\"(max-width: 791px) 100vw, 791px\" \/><\/figure>\n<\/div>\n\n<div class=\"wp-block-image\">\n<figure class=\"aligncenter size-large\"><img loading=\"lazy\" decoding=\"async\" width=\"791\" height=\"1024\" src=\"https:\/\/dejameleerenpaz.com\/wp-content\/uploads\/2025\/12\/POLITICA-INSTITUCIONAL-DE-PREVENCION-DE-LA-EXPLOTACION-EL-ABUSO-SEXUAL-Y-LA-PTRATA-DE-PERSONAS-FELIBAR_page-0008-791x1024.jpg\" alt=\"\" class=\"wp-image-6213\" srcset=\"https:\/\/dejameleerenpaz.com\/wp-content\/uploads\/2025\/12\/POLITICA-INSTITUCIONAL-DE-PREVENCION-DE-LA-EXPLOTACION-EL-ABUSO-SEXUAL-Y-LA-PTRATA-DE-PERSONAS-FELIBAR_page-0008-791x1024.jpg 791w, https:\/\/dejameleerenpaz.com\/wp-content\/uploads\/2025\/12\/POLITICA-INSTITUCIONAL-DE-PREVENCION-DE-LA-EXPLOTACION-EL-ABUSO-SEXUAL-Y-LA-PTRATA-DE-PERSONAS-FELIBAR_page-0008-232x300.jpg 232w, https:\/\/dejameleerenpaz.com\/wp-content\/uploads\/2025\/12\/POLITICA-INSTITUCIONAL-DE-PREVENCION-DE-LA-EXPLOTACION-EL-ABUSO-SEXUAL-Y-LA-PTRATA-DE-PERSONAS-FELIBAR_page-0008-768x994.jpg 768w, https:\/\/dejameleerenpaz.com\/wp-content\/uploads\/2025\/12\/POLITICA-INSTITUCIONAL-DE-PREVENCION-DE-LA-EXPLOTACION-EL-ABUSO-SEXUAL-Y-LA-PTRATA-DE-PERSONAS-FELIBAR_page-0008-1187x1536.jpg 1187w, https:\/\/dejameleerenpaz.com\/wp-content\/uploads\/2025\/12\/POLITICA-INSTITUCIONAL-DE-PREVENCION-DE-LA-EXPLOTACION-EL-ABUSO-SEXUAL-Y-LA-PTRATA-DE-PERSONAS-FELIBAR_page-0008-1583x2048.jpg 1583w, https:\/\/dejameleerenpaz.com\/wp-content\/uploads\/2025\/12\/POLITICA-INSTITUCIONAL-DE-PREVENCION-DE-LA-EXPLOTACION-EL-ABUSO-SEXUAL-Y-LA-PTRATA-DE-PERSONAS-FELIBAR_page-0008-scaled.jpg 1978w\" sizes=\"(max-width: 791px) 100vw, 791px\" \/><\/figure>\n<\/div>\n\n<div class=\"wp-block-image\">\n<figure class=\"aligncenter size-large\"><img loading=\"lazy\" decoding=\"async\" width=\"791\" height=\"1024\" src=\"https:\/\/dejameleerenpaz.com\/wp-content\/uploads\/2025\/12\/POLITICA-INSTITUCIONAL-DE-PREVENCION-DE-LA-EXPLOTACION-EL-ABUSO-SEXUAL-Y-LA-PTRATA-DE-PERSONAS-FELIBAR_page-0009-791x1024.jpg\" alt=\"\" class=\"wp-image-6214\" srcset=\"https:\/\/dejameleerenpaz.com\/wp-content\/uploads\/2025\/12\/POLITICA-INSTITUCIONAL-DE-PREVENCION-DE-LA-EXPLOTACION-EL-ABUSO-SEXUAL-Y-LA-PTRATA-DE-PERSONAS-FELIBAR_page-0009-791x1024.jpg 791w, https:\/\/dejameleerenpaz.com\/wp-content\/uploads\/2025\/12\/POLITICA-INSTITUCIONAL-DE-PREVENCION-DE-LA-EXPLOTACION-EL-ABUSO-SEXUAL-Y-LA-PTRATA-DE-PERSONAS-FELIBAR_page-0009-232x300.jpg 232w, https:\/\/dejameleerenpaz.com\/wp-content\/uploads\/2025\/12\/POLITICA-INSTITUCIONAL-DE-PREVENCION-DE-LA-EXPLOTACION-EL-ABUSO-SEXUAL-Y-LA-PTRATA-DE-PERSONAS-FELIBAR_page-0009-768x994.jpg 768w, https:\/\/dejameleerenpaz.com\/wp-content\/uploads\/2025\/12\/POLITICA-INSTITUCIONAL-DE-PREVENCION-DE-LA-EXPLOTACION-EL-ABUSO-SEXUAL-Y-LA-PTRATA-DE-PERSONAS-FELIBAR_page-0009-1187x1536.jpg 1187w, https:\/\/dejameleerenpaz.com\/wp-content\/uploads\/2025\/12\/POLITICA-INSTITUCIONAL-DE-PREVENCION-DE-LA-EXPLOTACION-EL-ABUSO-SEXUAL-Y-LA-PTRATA-DE-PERSONAS-FELIBAR_page-0009-1583x2048.jpg 1583w, https:\/\/dejameleerenpaz.com\/wp-content\/uploads\/2025\/12\/POLITICA-INSTITUCIONAL-DE-PREVENCION-DE-LA-EXPLOTACION-EL-ABUSO-SEXUAL-Y-LA-PTRATA-DE-PERSONAS-FELIBAR_page-0009-scaled.jpg 1978w\" sizes=\"(max-width: 791px) 100vw, 791px\" \/><\/figure>\n<\/div>","protected":false},"excerpt":{"rendered":"<div class=\"mh-excerpt\"><\/div>","protected":false},"author":1,"featured_media":0,"parent":0,"menu_order":0,"comment_status":"closed","ping_status":"closed","template":"","meta":{"footnotes":""},"class_list":["post-6201","page","type-page","status-publish","hentry"],"_links":{"self":[{"href":"https:\/\/dejameleerenpaz.com\/index.php\/wp-json\/wp\/v2\/pages\/6201","targetHints":{"allow":["GET"]}}],"collection":[{"href":"https:\/\/dejameleerenpaz.com\/index.php\/wp-json\/wp\/v2\/pages"}],"about":[{"href":"https:\/\/dejameleerenpaz.com\/index.php\/wp-json\/wp\/v2\/types\/page"}],"author":[{"embeddable":true,"href":"https:\/\/dejameleerenpaz.com\/index.php\/wp-json\/wp\/v2\/users\/1"}],"replies":[{"embeddable":true,"href":"https:\/\/dejameleerenpaz.com\/index.php\/wp-json\/wp\/v2\/comments?post=6201"}],"version-history":[{"count":2,"href":"https:\/\/dejameleerenpaz.com\/index.php\/wp-json\/wp\/v2\/pages\/6201\/revisions"}],"predecessor-version":[{"id":6215,"href":"https:\/\/dejameleerenpaz.com\/index.php\/wp-json\/wp\/v2\/pages\/6201\/revisions\/6215"}],"wp:attachment":[{"href":"https:\/\/dejameleerenpaz.com\/index.php\/wp-json\/wp\/v2\/media?parent=6201"}],"curies":[{"name":"wp","href":"https:\/\/api.w.org\/{rel}","templated":true}]}}